{"id":899,"date":"2025-04-15T12:14:04","date_gmt":"2025-04-15T10:14:04","guid":{"rendered":"https:\/\/www.ifldigitalart.it\/new\/?page_id=899"},"modified":"2025-05-21T17:59:54","modified_gmt":"2025-05-21T15:59:54","slug":"notizie","status":"publish","type":"page","link":"https:\/\/www.ifldigitalart.it\/new\/notizie\/","title":{"rendered":"notizie"},"content":{"rendered":"<div data-colibri-id=\"899-c1\" class=\"style-392 style-local-899-c1 position-relative\">\n  <!---->\n  <div data-colibri-component=\"section\" data-colibri-id=\"899-c2\" id=\"custom\" class=\"h-section h-section-global-spacing d-flex align-items-lg-center align-items-md-center align-items-center style-393 style-local-899-c2 position-relative\">\n    <!---->\n    <!---->\n    <div class=\"h-section-grid-container h-section-boxed-container\">\n      <!---->\n      <div data-colibri-id=\"899-c3\" class=\"h-row-container gutters-row-lg-2 gutters-row-md-2 gutters-row-0 gutters-row-v-lg-2 gutters-row-v-md-2 gutters-row-v-2 style-396 style-local-899-c3 position-relative\">\n        <!---->\n        <div class=\"h-row justify-content-lg-center justify-content-md-center justify-content-center align-items-lg-stretch align-items-md-stretch align-items-stretch gutters-col-lg-2 gutters-col-md-2 gutters-col-0 gutters-col-v-lg-2 gutters-col-v-md-2 gutters-col-v-2\">\n          <!---->\n          <div class=\"h-column h-column-container d-flex h-col-lg-auto h-col-md-auto h-col-auto style-397-outer style-local-899-c4-outer\">\n            <div data-colibri-id=\"899-c4\" class=\"d-flex h-flex-basis h-column__inner h-px-lg-2 h-px-md-2 h-px-2 v-inner-lg-2 v-inner-md-2 v-inner-2 style-397 style-local-899-c4 position-relative\">\n              <!---->\n              <!---->\n              <div class=\"w-100 h-y-container h-column__content h-column__v-align flex-basis-100 align-self-lg-start align-self-md-start align-self-start\">\n                <!---->\n                <div data-colibri-id=\"899-c5\" class=\"h-global-transition-all h-heading style-398 style-local-899-c5 position-relative h-element\">\n                  <!---->\n                  <div class=\"h-heading__outer style-398 style-local-899-c5\">\n                    <!---->\n                    <!---->\n                    <h3 class=\"\">Mostre, Nuove Opere e Progetti<\/h3>\n                  <\/div>\n                <\/div>\n                <div data-colibri-id=\"899-c6\" class=\"h-global-transition-all h-heading style-399 style-local-899-c6 position-relative h-element\">\n                  <!---->\n                  <div class=\"h-heading__outer style-399 style-local-899-c6\">\n                    <!---->\n                    <!---->\n                    <h4 class=\"\">le ultime novit\u00e0 dal mondo di IFL Digital Art.<\/h4>\n                  <\/div>\n                <\/div>\n                <div data-colibri-id=\"899-c7\" class=\"style-401 style-local-899-c7 position-relative h-element\">\n                  <!---->\n                <\/div>\n              <\/div>\n            <\/div>\n          <\/div>\n        <\/div>\n      <\/div>\n      <div data-colibri-id=\"899-c8\" class=\"h-row-container gutters-row-lg-2 gutters-row-md-2 gutters-row-0 gutters-row-v-lg-2 gutters-row-v-md-2 gutters-row-v-2 style-394 style-local-899-c8 position-relative\">\n        <!---->\n        <div class=\"h-row justify-content-lg-center justify-content-md-center justify-content-center align-items-lg-stretch align-items-md-stretch align-items-stretch gutters-col-lg-2 gutters-col-md-2 gutters-col-0 gutters-col-v-lg-2 gutters-col-v-md-2 gutters-col-v-2\">\n          <!---->\n          <div class=\"h-column h-column-container d-flex h-col-lg-auto h-col-md-auto h-col-auto style-395-outer style-local-899-c9-outer\">\n            <div data-colibri-id=\"899-c9\" class=\"d-flex h-flex-basis h-column__inner h-px-lg-2 h-px-md-2 h-px-2 v-inner-lg-2 v-inner-md-2 v-inner-2 style-395 style-local-899-c9 position-relative\">\n              <!---->\n              <!---->\n              <div class=\"w-100 h-y-container h-column__content h-column__v-align flex-basis-100 align-self-lg-start align-self-md-start align-self-start\">\n                <!---->\n                <div data-colibri-id=\"899-c10\" class=\"h-text h-text-component style-400 style-local-899-c10 position-relative h-element\">\n                  <!---->\n                  <!---->\n                  <div class=\"\">\n                    <div class=\"ifl-blog-list\"><div class=\"ifl-blog-item\" style=\"display:flex; gap:20px; margin-bottom:40px;\"><div class=\"ifl-thumbnail\" style=\"flex:1; width:100%;\"><a href=\"https:\/\/www.ifldigitalart.it\/new\/ifl-digital-art-a-roma-con-la-serie-red-hugs\/\"><img loading=\"lazy\" decoding=\"async\" width=\"300\" height=\"270\" src=\"https:\/\/www.ifldigitalart.it\/new\/wp-content\/uploads\/2026\/09\/Locandina_ROMA_11-Settembre-e1788597255105-300x270.jpg\" class=\"attachment-medium size-medium wp-post-image\" alt=\"\" style=\"width:100%; height:auto; border-radius:8px;\" srcset=\"https:\/\/www.ifldigitalart.it\/new\/wp-content\/uploads\/2026\/09\/Locandina_ROMA_11-Settembre-e1788597255105-300x270.jpg 300w, https:\/\/www.ifldigitalart.it\/new\/wp-content\/uploads\/2026\/09\/Locandina_ROMA_11-Settembre-e1788597255105-1024x922.jpg 1024w, https:\/\/www.ifldigitalart.it\/new\/wp-content\/uploads\/2026\/09\/Locandina_ROMA_11-Settembre-e1788597255105-768x691.jpg 768w, https:\/\/www.ifldigitalart.it\/new\/wp-content\/uploads\/2026\/09\/Locandina_ROMA_11-Settembre-e1788597255105.jpg 1060w\" sizes=\"auto, (max-width: 300px) 100vw, 300px\" \/><\/a><\/div><div class=\"ifl-text\" style=\"flex:2;\"><h2 style=\"margin-top:0;\"><a href=\"https:\/\/www.ifldigitalart.it\/new\/ifl-digital-art-a-roma-con-la-serie-red-hugs\/\" style=\"text-decoration: none; color: inherit;\">IFL Digital Art a Roma con la serie Red Hugs<\/a><\/h2><p>11 settembre 2026 \u2013 Medina Roma Gallery, Roma L'11 settembre 2026 porter\u00f2 a Roma la serie Red Hugs, selezionata per il Rome Open Art Festival, organizzato da Art Number 23, galleria e collettivo artistico con base a Londra, attivo nella realizzazione di mostre e progetti espositivi internazionali. La mostra si svolger\u00e0 presso la Medina Roma Gallery, in Via Angelo Poliziano, nel cuore di Roma, a pochi passi dal Colosseo. Il progetto riunir\u00e0 artisti locali e internazionali, offrendo un'occasione di incontro...<\/p><a href=\"https:\/\/www.ifldigitalart.it\/new\/ifl-digital-art-a-roma-con-la-serie-red-hugs\/\" style=\"font-weight:bold; text-decoration:underline;\">Leggi tutto<\/a><\/div><\/div><div class=\"ifl-blog-item\" style=\"display:flex; gap:20px; margin-bottom:40px;\"><div class=\"ifl-thumbnail\" style=\"flex:1; width:100%;\"><a href=\"https:\/\/www.ifldigitalart.it\/new\/tra-luce-e-ombra-eclipse-in-mostra-a-piacenza\/\"><img loading=\"lazy\" decoding=\"async\" width=\"212\" height=\"300\" src=\"https:\/\/www.ifldigitalart.it\/new\/wp-content\/uploads\/2026\/06\/A4_Locandina_Attraverso_i_sensi-212x300.png\" class=\"attachment-medium size-medium wp-post-image\" alt=\"\" style=\"width:100%; height:auto; border-radius:8px;\" srcset=\"https:\/\/www.ifldigitalart.it\/new\/wp-content\/uploads\/2026\/06\/A4_Locandina_Attraverso_i_sensi-212x300.png 212w, https:\/\/www.ifldigitalart.it\/new\/wp-content\/uploads\/2026\/06\/A4_Locandina_Attraverso_i_sensi-724x1024.png 724w, https:\/\/www.ifldigitalart.it\/new\/wp-content\/uploads\/2026\/06\/A4_Locandina_Attraverso_i_sensi-768x1086.png 768w, https:\/\/www.ifldigitalart.it\/new\/wp-content\/uploads\/2026\/06\/A4_Locandina_Attraverso_i_sensi-1086x1536.png 1086w, https:\/\/www.ifldigitalart.it\/new\/wp-content\/uploads\/2026\/06\/A4_Locandina_Attraverso_i_sensi.png 1414w\" sizes=\"auto, (max-width: 212px) 100vw, 212px\" \/><\/a><\/div><div class=\"ifl-text\" style=\"flex:2;\"><h2 style=\"margin-top:0;\"><a href=\"https:\/\/www.ifldigitalart.it\/new\/tra-luce-e-ombra-eclipse-in-mostra-a-piacenza\/\" style=\"text-decoration: none; color: inherit;\">Tra luce e ombra: Eclipse in mostra a Piacenza<\/a><\/h2><p>Dal 10 al 27 giugno 2026 parteciper\u00f2 alla mostra collettiva \u201cAttraverso i sensi\u201d, ospitata presso lo Spazio Rosso Tiziano di Piacenza e promossa da Luci &amp; Ombre \u2013 Arti Visive Piacenza in collaborazione con Rosso Tiziano APS. Il progetto espositivo si sviluppa attorno al tema della percezione, intesa non solo come esperienza sensoriale, ma come processo pi\u00f9 ampio che coinvolge memoria, emozione e interpretazione personale del reale. La mostra riunisce artisti provenienti da differenti percorsi e linguaggi contemporanei, invitati a...<\/p><a href=\"https:\/\/www.ifldigitalart.it\/new\/tra-luce-e-ombra-eclipse-in-mostra-a-piacenza\/\" style=\"font-weight:bold; text-decoration:underline;\">Leggi tutto<\/a><\/div><\/div><div class=\"ifl-blog-item\" style=\"display:flex; gap:20px; margin-bottom:40px;\"><div class=\"ifl-thumbnail\" style=\"flex:1; width:100%;\"><a href=\"https:\/\/www.ifldigitalart.it\/new\/animalavica-approda-a-vivere-nel-vulcano-tra-italia-e-giappone\/\"><img loading=\"lazy\" decoding=\"async\" width=\"210\" height=\"300\" src=\"https:\/\/www.ifldigitalart.it\/new\/wp-content\/uploads\/2026\/05\/Locandina-mostra-210x300.jpg\" class=\"attachment-medium size-medium wp-post-image\" alt=\"\" style=\"width:100%; height:auto; border-radius:8px;\" srcset=\"https:\/\/www.ifldigitalart.it\/new\/wp-content\/uploads\/2026\/05\/Locandina-mostra-210x300.jpg 210w, https:\/\/www.ifldigitalart.it\/new\/wp-content\/uploads\/2026\/05\/Locandina-mostra-718x1024.jpg 718w, https:\/\/www.ifldigitalart.it\/new\/wp-content\/uploads\/2026\/05\/Locandina-mostra-768x1095.jpg 768w, https:\/\/www.ifldigitalart.it\/new\/wp-content\/uploads\/2026\/05\/Locandina-mostra-1077x1536.jpg 1077w, https:\/\/www.ifldigitalart.it\/new\/wp-content\/uploads\/2026\/05\/Locandina-mostra.jpg 1122w\" sizes=\"auto, (max-width: 210px) 100vw, 210px\" \/><\/a><\/div><div class=\"ifl-text\" style=\"flex:2;\"><h2 style=\"margin-top:0;\"><a href=\"https:\/\/www.ifldigitalart.it\/new\/animalavica-approda-a-vivere-nel-vulcano-tra-italia-e-giappone\/\" style=\"text-decoration: none; color: inherit;\">Animalavica approda a \u201cVivere nel Vulcano\u201d tra Italia e Giappone<\/a><\/h2><p>C\u2019\u00e8 un fuoco che appartiene alla terra, e un altro che nasce dentro di noi. Animalavica (2026) - Arte Digitale su metacrilato 50x50 cm Con Animalavica sar\u00f2 presente alla quinta edizione di \u201cVivere nel Vulcano. Campania e Giappone tra Scienza e Arti\u201d, il progetto culturale inserito dall\u2019Ambasciata del Giappone in Italia tra le iniziative ufficiali dedicate ai 160 anni di amicizia tra Italia e Giappone. La manifestazione, in programma dal 30 aprile al 30 giugno 2026, mette in dialogo arte,...<\/p><a href=\"https:\/\/www.ifldigitalart.it\/new\/animalavica-approda-a-vivere-nel-vulcano-tra-italia-e-giappone\/\" style=\"font-weight:bold; text-decoration:underline;\">Leggi tutto<\/a><\/div><\/div><div class=\"ifl-blog-item\" style=\"display:flex; gap:20px; margin-bottom:40px;\"><div class=\"ifl-thumbnail\" style=\"flex:1; width:100%;\"><a href=\"https:\/\/www.ifldigitalart.it\/new\/retrogusto-in-copertina-la-mia-opera-per-il-nuovo-libro-di-piergiorgio-capoccetti\/\"><img loading=\"lazy\" decoding=\"async\" width=\"200\" height=\"300\" src=\"https:\/\/www.ifldigitalart.it\/new\/wp-content\/uploads\/2026\/04\/copertina-1-200x300.jpg\" class=\"attachment-medium size-medium wp-post-image\" alt=\"\" style=\"width:100%; height:auto; border-radius:8px;\" srcset=\"https:\/\/www.ifldigitalart.it\/new\/wp-content\/uploads\/2026\/04\/copertina-1-200x300.jpg 200w, https:\/\/www.ifldigitalart.it\/new\/wp-content\/uploads\/2026\/04\/copertina-1.jpg 400w\" sizes=\"auto, (max-width: 200px) 100vw, 200px\" \/><\/a><\/div><div class=\"ifl-text\" style=\"flex:2;\"><h2 style=\"margin-top:0;\"><a href=\"https:\/\/www.ifldigitalart.it\/new\/retrogusto-in-copertina-la-mia-opera-per-il-nuovo-libro-di-piergiorgio-capoccetti\/\" style=\"text-decoration: none; color: inherit;\">Retrogusto in copertina: la mia opera per il nuovo libro di Piergiorgio Capoccetti<\/a><\/h2><p>Ci sono collaborazioni che nascono in modo naturale, quasi inevitabile.\u00c8 ci\u00f2 che \u00e8 accaduto con Pier Giorgio Capoccetti, conosciuto nel mondo bikers come Il Pirata, amico prima ancora che autore.Lo scorso settembre mi aveva anticipato il titolo del suo nuovo libro, 69 Gocce di vino, in uscita questa primavera.Da l\u00ec \u00e8 iniziato un dialogo spontaneo: mi ha chiesto di lavorare a una possibile immagine di copertina, lasciandomi piena libert\u00e0 di interpretazione.Da questo confronto sono nati diversi lavori, ciascuno con una...<\/p><a href=\"https:\/\/www.ifldigitalart.it\/new\/retrogusto-in-copertina-la-mia-opera-per-il-nuovo-libro-di-piergiorgio-capoccetti\/\" style=\"font-weight:bold; text-decoration:underline;\">Leggi tutto<\/a><\/div><\/div><div class=\"ifl-blog-item\" style=\"display:flex; gap:20px; margin-bottom:40px;\"><div class=\"ifl-thumbnail\" style=\"flex:1; width:100%;\"><a href=\"https:\/\/www.ifldigitalart.it\/new\/due-opere-della-serie-red-hugs-esposte-alla-casina-vanvitelliana-di-bacoli\/\"><img loading=\"lazy\" decoding=\"async\" width=\"240\" height=\"300\" src=\"https:\/\/www.ifldigitalart.it\/new\/wp-content\/uploads\/2026\/03\/locandina_1-240x300.jpg\" class=\"attachment-medium size-medium wp-post-image\" alt=\"\" style=\"width:100%; height:auto; border-radius:8px;\" srcset=\"https:\/\/www.ifldigitalart.it\/new\/wp-content\/uploads\/2026\/03\/locandina_1-240x300.jpg 240w, https:\/\/www.ifldigitalart.it\/new\/wp-content\/uploads\/2026\/03\/locandina_1.jpg 512w\" sizes=\"auto, (max-width: 240px) 100vw, 240px\" \/><\/a><\/div><div class=\"ifl-text\" style=\"flex:2;\"><h2 style=\"margin-top:0;\"><a href=\"https:\/\/www.ifldigitalart.it\/new\/due-opere-della-serie-red-hugs-esposte-alla-casina-vanvitelliana-di-bacoli\/\" style=\"text-decoration: none; color: inherit;\">Due opere della serie Red Hugs esposte alla Casina Vanvitelliana di Bacoli<\/a><\/h2><p>Il rosso \u00e8 da sempre uno dei colori pi\u00f9 potenti e simbolici della storia dell\u2019arte: energia vitale, passione, tensione emotiva. Non \u00e8 soltanto un colore, ma uno spazio visivo capace di generare immagini e relazioni. \u00c8 proprio attorno a questa dimensione che si sviluppa la Biennale \u201cDentro il Rosso\u201d, in programma presso la suggestiva Casina Vanvitelliana, nel Parco Borbonico del Fusaro, a Bacoli, e che vedr\u00e0 tra gli artisti presenti IFL Digital Art. Non \u00e8 un caso che in questo...<\/p><a href=\"https:\/\/www.ifldigitalart.it\/new\/due-opere-della-serie-red-hugs-esposte-alla-casina-vanvitelliana-di-bacoli\/\" style=\"font-weight:bold; text-decoration:underline;\">Leggi tutto<\/a><\/div><\/div><div class=\"ifl-blog-item\" style=\"display:flex; gap:20px; margin-bottom:40px;\"><div class=\"ifl-thumbnail\" style=\"flex:1; width:100%;\"><a href=\"https:\/\/www.ifldigitalart.it\/new\/ifl-digital-art-al-premio-la-grande-bellezza-ii-edizione\/\"><img loading=\"lazy\" decoding=\"async\" width=\"300\" height=\"300\" src=\"https:\/\/www.ifldigitalart.it\/new\/wp-content\/uploads\/2026\/02\/locandina_volterra-300x300.jpg\" class=\"attachment-medium size-medium wp-post-image\" alt=\"\" style=\"width:100%; height:auto; border-radius:8px;\" srcset=\"https:\/\/www.ifldigitalart.it\/new\/wp-content\/uploads\/2026\/02\/locandina_volterra-300x300.jpg 300w, https:\/\/www.ifldigitalart.it\/new\/wp-content\/uploads\/2026\/02\/locandina_volterra-1024x1024.jpg 1024w, https:\/\/www.ifldigitalart.it\/new\/wp-content\/uploads\/2026\/02\/locandina_volterra-150x150.jpg 150w, https:\/\/www.ifldigitalart.it\/new\/wp-content\/uploads\/2026\/02\/locandina_volterra-768x768.jpg 768w, https:\/\/www.ifldigitalart.it\/new\/wp-content\/uploads\/2026\/02\/locandina_volterra.jpg 1440w\" sizes=\"auto, (max-width: 300px) 100vw, 300px\" \/><\/a><\/div><div class=\"ifl-text\" style=\"flex:2;\"><h2 style=\"margin-top:0;\"><a href=\"https:\/\/www.ifldigitalart.it\/new\/ifl-digital-art-al-premio-la-grande-bellezza-ii-edizione\/\" style=\"text-decoration: none; color: inherit;\">IFL Digital Art al Premio \u201cLa Grande Bellezza\u201d \u2013 II Edizione<\/a><\/h2><p>Eclipse in mostra a Volterra Sono lieto di annunciare che il mio lavoro \u201cEclipse\u201d sar\u00e0 esposto nell\u2019ambito del Premio \u201cLa Grande Bellezza\u201d \u2013 II Edizione, all\u2019interno della mostra collettiva che si terr\u00e0 nello storico Palazzo dei Priori di Volterra. L\u2019esposizione, dedicata alla ricerca visiva contemporanea, riunir\u00e0 artisti provenienti da diversi percorsi espressivi, invitati a confrontarsi con il concetto di bellezza nelle sue molteplici forme: intime, estetiche, emotive o simboliche. In occasione dell\u2019annuncio ufficiale della mia partecipazione, condivido anche la locandina...<\/p><a href=\"https:\/\/www.ifldigitalart.it\/new\/ifl-digital-art-al-premio-la-grande-bellezza-ii-edizione\/\" style=\"font-weight:bold; text-decoration:underline;\">Leggi tutto<\/a><\/div><\/div><div class=\"ifl-blog-item\" style=\"display:flex; gap:20px; margin-bottom:40px;\"><div class=\"ifl-thumbnail\" style=\"flex:1; width:100%;\"><a href=\"https:\/\/www.ifldigitalart.it\/new\/a-londra-per-artexpertise-on-tour\/\"><img loading=\"lazy\" decoding=\"async\" width=\"300\" height=\"275\" src=\"https:\/\/www.ifldigitalart.it\/new\/wp-content\/uploads\/2025\/12\/OnTourLONDON_locandina-300x275.png\" class=\"attachment-medium size-medium wp-post-image\" alt=\"\" style=\"width:100%; height:auto; border-radius:8px;\" srcset=\"https:\/\/www.ifldigitalart.it\/new\/wp-content\/uploads\/2025\/12\/OnTourLONDON_locandina-300x275.png 300w, https:\/\/www.ifldigitalart.it\/new\/wp-content\/uploads\/2025\/12\/OnTourLONDON_locandina-1024x939.png 1024w, https:\/\/www.ifldigitalart.it\/new\/wp-content\/uploads\/2025\/12\/OnTourLONDON_locandina-768x704.png 768w, https:\/\/www.ifldigitalart.it\/new\/wp-content\/uploads\/2025\/12\/OnTourLONDON_locandina-1536x1409.png 1536w, https:\/\/www.ifldigitalart.it\/new\/wp-content\/uploads\/2025\/12\/OnTourLONDON_locandina-2048x1879.png 2048w\" sizes=\"auto, (max-width: 300px) 100vw, 300px\" \/><\/a><\/div><div class=\"ifl-text\" style=\"flex:2;\"><h2 style=\"margin-top:0;\"><a href=\"https:\/\/www.ifldigitalart.it\/new\/a-londra-per-artexpertise-on-tour\/\" style=\"text-decoration: none; color: inherit;\">A Londra per \u201cArtexpertise On Tour\u201d<\/a><\/h2><p>9\u201314 dicembre 2025 \u2013 The Crypt Gallery \"Sono lieto di annunciare la mia partecipazione alla mostra internazionale \u201cArtexpertise On Tour \u2013 London\u201d, in programma dal 9 al 14 dicembre 2025 presso la suggestiva Crypt Gallery, nel cuore di Londra. L\u2019evento, organizzato da Artexpertise in collaborazione con realt\u00e0 artistiche europee, rappresenta un nuovo e importante capitolo nel mio percorso espositivo. La Crypt Gallery, ricavata nella cripta storica della St. Pancras Church, \u00e8 uno degli spazi pi\u00f9 affascinanti della scena londinese: un...<\/p><a href=\"https:\/\/www.ifldigitalart.it\/new\/a-londra-per-artexpertise-on-tour\/\" style=\"font-weight:bold; text-decoration:underline;\">Leggi tutto<\/a><\/div><\/div><div class=\"ifl-blog-item\" style=\"display:flex; gap:20px; margin-bottom:40px;\"><div class=\"ifl-thumbnail\" style=\"flex:1; width:100%;\"><a href=\"https:\/\/www.ifldigitalart.it\/new\/art-and-fashion-galerie-artexpertise-cannes\/\"><img loading=\"lazy\" decoding=\"async\" width=\"235\" height=\"300\" src=\"https:\/\/www.ifldigitalart.it\/new\/wp-content\/uploads\/2025\/11\/Locandina-235x300.png\" class=\"attachment-medium size-medium wp-post-image\" alt=\"\" style=\"width:100%; height:auto; border-radius:8px;\" srcset=\"https:\/\/www.ifldigitalart.it\/new\/wp-content\/uploads\/2025\/11\/Locandina-235x300.png 235w, https:\/\/www.ifldigitalart.it\/new\/wp-content\/uploads\/2025\/11\/Locandina-803x1024.png 803w, https:\/\/www.ifldigitalart.it\/new\/wp-content\/uploads\/2025\/11\/Locandina-768x979.png 768w, https:\/\/www.ifldigitalart.it\/new\/wp-content\/uploads\/2025\/11\/Locandina.png 845w\" sizes=\"auto, (max-width: 235px) 100vw, 235px\" \/><\/a><\/div><div class=\"ifl-text\" style=\"flex:2;\"><h2 style=\"margin-top:0;\"><a href=\"https:\/\/www.ifldigitalart.it\/new\/art-and-fashion-galerie-artexpertise-cannes\/\" style=\"text-decoration: none; color: inherit;\">ART AND FASHION \u2013 Galerie Artexpertise Cannes<\/a><\/h2><p>Sono lieto di annunciare la mia partecipazione alla mostra internazionale \u201cART AND FASHION\u201d, in programma dal 1 al 15 novembre 2025 presso la prestigiosa Galerie Artexpertise, situata nel cuore di Cannes, in 10 Rue Saint Dizier. Questa esposizione collettiva riunir\u00e0 numerosi artisti provenienti da diversi Paesi, accomunati dal desiderio di esplorare il legame profondo tra espressione artistica e universo estetico. Moda e arte si incontrano in un dialogo che attraversa linguaggi, materiali e prospettive: un racconto visivo contemporaneo che riflette...<\/p><a href=\"https:\/\/www.ifldigitalart.it\/new\/art-and-fashion-galerie-artexpertise-cannes\/\" style=\"font-weight:bold; text-decoration:underline;\">Leggi tutto<\/a><\/div><\/div><div class=\"ifl-blog-item\" style=\"display:flex; gap:20px; margin-bottom:40px;\"><div class=\"ifl-thumbnail\" style=\"flex:1; width:100%;\"><a href=\"https:\/\/www.ifldigitalart.it\/new\/swing-rocknroll\/\"><img loading=\"lazy\" decoding=\"async\" width=\"212\" height=\"300\" src=\"https:\/\/www.ifldigitalart.it\/new\/wp-content\/uploads\/2025\/09\/cover_2-212x300.jpg\" class=\"attachment-medium size-medium wp-post-image\" alt=\"\" style=\"width:100%; height:auto; border-radius:8px;\" srcset=\"https:\/\/www.ifldigitalart.it\/new\/wp-content\/uploads\/2025\/09\/cover_2-212x300.jpg 212w, https:\/\/www.ifldigitalart.it\/new\/wp-content\/uploads\/2025\/09\/cover_2-724x1024.jpg 724w, https:\/\/www.ifldigitalart.it\/new\/wp-content\/uploads\/2025\/09\/cover_2-768x1086.jpg 768w, https:\/\/www.ifldigitalart.it\/new\/wp-content\/uploads\/2025\/09\/cover_2-1086x1536.jpg 1086w, https:\/\/www.ifldigitalart.it\/new\/wp-content\/uploads\/2025\/09\/cover_2-1448x2048.jpg 1448w, https:\/\/www.ifldigitalart.it\/new\/wp-content\/uploads\/2025\/09\/cover_2-scaled.jpg 1810w\" sizes=\"auto, (max-width: 212px) 100vw, 212px\" \/><\/a><\/div><div class=\"ifl-text\" style=\"flex:2;\"><h2 style=\"margin-top:0;\"><a href=\"https:\/\/www.ifldigitalart.it\/new\/swing-rocknroll\/\" style=\"text-decoration: none; color: inherit;\">Swing &amp; Rock\u2019n\u2019Roll &#8211; Virtual Exhibition<\/a><\/h2><p>Un tuffo negli anni d\u2019oro del sogno americano, tra swing travolgente e rock\u2019n\u2019roll ribelle Questa mostra virtuale nasce come un viaggio creativo e personale ispirato al Summer Jamboree di Senigallia, un festival unico nel suo genere che celebra da anni la cultura e l\u2019immaginario degli anni \u201940 e \u201950. Avevo gi\u00e0 avuto modo di assistere a questo evento straordinario in passato, ma ci sono tornato quest\u2019anno in occasione del suo 25\u00b0 anniversario, dopo ben quattordici anni dalla mia ultima visita....<\/p><a href=\"https:\/\/www.ifldigitalart.it\/new\/swing-rocknroll\/\" style=\"font-weight:bold; text-decoration:underline;\">Leggi tutto<\/a><\/div><\/div><div class=\"ifl-blog-item\" style=\"display:flex; gap:20px; margin-bottom:40px;\"><div class=\"ifl-thumbnail\" style=\"flex:1; width:100%;\"><a href=\"https:\/\/www.ifldigitalart.it\/new\/ifl-digital-art-alla-london-art-biennale-2025-con-lopera-mannequins\/\"><img loading=\"lazy\" decoding=\"async\" width=\"240\" height=\"300\" src=\"https:\/\/www.ifldigitalart.it\/new\/wp-content\/uploads\/2025\/05\/Mannequins_SOCIAL_2-240x300.jpg\" class=\"attachment-medium size-medium wp-post-image\" alt=\"\" style=\"width:100%; height:auto; border-radius:8px;\" srcset=\"https:\/\/www.ifldigitalart.it\/new\/wp-content\/uploads\/2025\/05\/Mannequins_SOCIAL_2-240x300.jpg 240w, https:\/\/www.ifldigitalart.it\/new\/wp-content\/uploads\/2025\/05\/Mannequins_SOCIAL_2-819x1024.jpg 819w, https:\/\/www.ifldigitalart.it\/new\/wp-content\/uploads\/2025\/05\/Mannequins_SOCIAL_2-768x960.jpg 768w, https:\/\/www.ifldigitalart.it\/new\/wp-content\/uploads\/2025\/05\/Mannequins_SOCIAL_2-1229x1536.jpg 1229w, https:\/\/www.ifldigitalart.it\/new\/wp-content\/uploads\/2025\/05\/Mannequins_SOCIAL_2-1639x2048.jpg 1639w\" sizes=\"auto, (max-width: 240px) 100vw, 240px\" \/><\/a><\/div><div class=\"ifl-text\" style=\"flex:2;\"><h2 style=\"margin-top:0;\"><a href=\"https:\/\/www.ifldigitalart.it\/new\/ifl-digital-art-alla-london-art-biennale-2025-con-lopera-mannequins\/\" style=\"text-decoration: none; color: inherit;\">IFL Digital Art alla London Art Biennale 2025 con l\u2019opera \u201cMannequins\u201d<\/a><\/h2><p>London Art Biennale 2025 - VII Edizione | 16 \u2013 20 luglio 2025 | Chelsea Old Town Hall, Londra Dal 16 al 20 luglio 2025 si svolger\u00e0 la settima edizione della London Art Biennale, tra gli appuntamenti pi\u00f9 significativi nel panorama internazionale dell\u2019arte contemporanea. L\u2019edizione di quest\u2019anno si terr\u00e0 presso la storica sede della Chelsea Old Town Hall, edificio vittoriano nel cuore di Londra, che per l\u2019occasione ospiter\u00e0 opere provenienti da oltre 70 paesi. Tra gli artisti selezionati figura anche...<\/p><a href=\"https:\/\/www.ifldigitalart.it\/new\/ifl-digital-art-alla-london-art-biennale-2025-con-lopera-mannequins\/\" style=\"font-weight:bold; text-decoration:underline;\">Leggi tutto<\/a><\/div><\/div><div class=\"ifl-blog-item\" style=\"display:flex; gap:20px; margin-bottom:40px;\"><div class=\"ifl-thumbnail\" style=\"flex:1; width:100%;\"><a href=\"https:\/\/www.ifldigitalart.it\/new\/entropia-dal-disordine-allarte\/\"><img loading=\"lazy\" decoding=\"async\" width=\"240\" height=\"300\" src=\"https:\/\/www.ifldigitalart.it\/new\/wp-content\/uploads\/2025\/06\/IFLxENTROPIA-240x300.png\" class=\"attachment-medium size-medium wp-post-image\" alt=\"\" style=\"width:100%; height:auto; border-radius:8px;\" srcset=\"https:\/\/www.ifldigitalart.it\/new\/wp-content\/uploads\/2025\/06\/IFLxENTROPIA-240x300.png 240w, https:\/\/www.ifldigitalart.it\/new\/wp-content\/uploads\/2025\/06\/IFLxENTROPIA-819x1024.png 819w, https:\/\/www.ifldigitalart.it\/new\/wp-content\/uploads\/2025\/06\/IFLxENTROPIA-768x960.png 768w, https:\/\/www.ifldigitalart.it\/new\/wp-content\/uploads\/2025\/06\/IFLxENTROPIA.png 1080w\" sizes=\"auto, (max-width: 240px) 100vw, 240px\" \/><\/a><\/div><div class=\"ifl-text\" style=\"flex:2;\"><h2 style=\"margin-top:0;\"><a href=\"https:\/\/www.ifldigitalart.it\/new\/entropia-dal-disordine-allarte\/\" style=\"text-decoration: none; color: inherit;\">ENTROPIA \u2013 Dal disordine all\u2019arte<\/a><\/h2><p>Mostre diffuse, musica e sapori nel cuore di TuscaniaTuscania, 20\u201322 giugno 2025 Dal 20 al 22 giugno, Tuscania ospita una nuova edizione di ENTROPIA \u2013 Dal disordine all\u2019arte, l\u2019evento che trasforma luoghi storici e spazi pubblici in un percorso esperienziale dove arte, musica e convivialit\u00e0 si intrecciano liberamente. Le mostre diffuse animeranno due luoghi simbolici del centro storico: il Foyer del Teatro Rivellino e l\u2019ex Chiesa di Santa Croce, con apertura tutti i giorni a partire dalle ore 18:00. Con...<\/p><a href=\"https:\/\/www.ifldigitalart.it\/new\/entropia-dal-disordine-allarte\/\" style=\"font-weight:bold; text-decoration:underline;\">Leggi tutto<\/a><\/div><\/div><div class=\"ifl-blog-item\" style=\"display:flex; gap:20px; margin-bottom:40px;\"><div class=\"ifl-thumbnail\" style=\"flex:1; width:100%;\"><a href=\"https:\/\/www.ifldigitalart.it\/new\/labbraccio-del-vuoto-in-mostra-a-100-artisti-a-palazzo-fani\/\"><img loading=\"lazy\" decoding=\"async\" width=\"194\" height=\"300\" src=\"https:\/\/www.ifldigitalart.it\/new\/wp-content\/uploads\/2025\/05\/social_1-194x300.png\" class=\"attachment-medium size-medium wp-post-image\" alt=\"\" style=\"width:100%; height:auto; border-radius:8px;\" srcset=\"https:\/\/www.ifldigitalart.it\/new\/wp-content\/uploads\/2025\/05\/social_1-194x300.png 194w, https:\/\/www.ifldigitalart.it\/new\/wp-content\/uploads\/2025\/05\/social_1-663x1024.png 663w, https:\/\/www.ifldigitalart.it\/new\/wp-content\/uploads\/2025\/05\/social_1-768x1186.png 768w, https:\/\/www.ifldigitalart.it\/new\/wp-content\/uploads\/2025\/05\/social_1.png 962w\" sizes=\"auto, (max-width: 194px) 100vw, 194px\" \/><\/a><\/div><div class=\"ifl-text\" style=\"flex:2;\"><h2 style=\"margin-top:0;\"><a href=\"https:\/\/www.ifldigitalart.it\/new\/labbraccio-del-vuoto-in-mostra-a-100-artisti-a-palazzo-fani\/\" style=\"text-decoration: none; color: inherit;\">L\u2019Abbraccio del Vuoto in mostra a \u201c100 Artisti a Palazzo Fani\u201d<\/a><\/h2><p>Dal&nbsp;24 maggio al 7 giugno 2025&nbsp;parteciper\u00f2 alla sesta edizione di&nbsp;100 Artisti a Palazzo Fani, collettiva nazionale organizzata dall\u2019Associazione Culturale Turismo Arte Spettacolo (ACTAS), nella cornice suggestiva di&nbsp;Palazzo Fani a Tuscania. Esporre in questo luogo, cos\u00ec radicato nella mia storia personale, \u00e8 per me un\u2019occasione speciale. La mostra riunisce cento artisti provenienti da tutta Italia e rappresenta un momento importante di incontro e valorizzazione dell\u2019arte contemporanea. Per questa edizione presenter\u00f2 la mia nuova opera,&nbsp;\u201cL\u2019Abbraccio del Vuoto\u201d, che affronta con delicatezza e...<\/p><a href=\"https:\/\/www.ifldigitalart.it\/new\/labbraccio-del-vuoto-in-mostra-a-100-artisti-a-palazzo-fani\/\" style=\"font-weight:bold; text-decoration:underline;\">Leggi tutto<\/a><\/div><\/div><div class=\"ifl-blog-item\" style=\"display:flex; gap:20px; margin-bottom:40px;\"><div class=\"ifl-thumbnail\" style=\"flex:1; width:100%;\"><a href=\"https:\/\/www.ifldigitalart.it\/new\/leros-come-forza-ispiratrice-due-mie-opere-alla-mostra-collettiva-internazionale-leros-in-arte\/\"><img loading=\"lazy\" decoding=\"async\" width=\"239\" height=\"300\" src=\"https:\/\/www.ifldigitalart.it\/new\/wp-content\/uploads\/2025\/04\/Locandina-dal-web-239x300.jpg\" class=\"attachment-medium size-medium wp-post-image\" alt=\"\" style=\"width:100%; height:auto; border-radius:8px;\" srcset=\"https:\/\/www.ifldigitalart.it\/new\/wp-content\/uploads\/2025\/04\/Locandina-dal-web-239x300.jpg 239w, https:\/\/www.ifldigitalart.it\/new\/wp-content\/uploads\/2025\/04\/Locandina-dal-web.jpg 477w\" sizes=\"auto, (max-width: 239px) 100vw, 239px\" \/><\/a><\/div><div class=\"ifl-text\" style=\"flex:2;\"><h2 style=\"margin-top:0;\"><a href=\"https:\/\/www.ifldigitalart.it\/new\/leros-come-forza-ispiratrice-due-mie-opere-alla-mostra-collettiva-internazionale-leros-in-arte\/\" style=\"text-decoration: none; color: inherit;\">L\u2019eros come forza ispiratrice: due mie opere alla Mostra Collettiva Internazionale &#8216;L\u2019EROS IN ARTE&#8217;<\/a><\/h2><p>Dal 19 aprile al 24 maggio 2025 prender\u00f2 parte alla&nbsp;Mostra Collettiva Internazionale \u201cL\u2019EROS IN ARTE\u201d, ospitata negli spazi della&nbsp;Galleria Arteincontro di Fabrizio Serafini, in Corso Umberto I n. 43 a Montesilvano (PE). L\u2019evento, curato e presentato dalla&nbsp;critica d\u2019arte Maria Palladino, in collaborazione con il&nbsp;gallerista Fabrizio Serafini&nbsp;e l\u2019Associazione Culturale Arteinvita, raccoglie visioni artistiche da tutto il mondo, accomunate dal desiderio di esplorare la complessit\u00e0 e la profondit\u00e0 del tema dell\u2019eros. Parteciper\u00f2 con&nbsp;due opere digitali su tela, entrambe realizzate nel 2022, che...<\/p><a href=\"https:\/\/www.ifldigitalart.it\/new\/leros-come-forza-ispiratrice-due-mie-opere-alla-mostra-collettiva-internazionale-leros-in-arte\/\" style=\"font-weight:bold; text-decoration:underline;\">Leggi tutto<\/a><\/div><\/div><div class=\"ifl-blog-item\" style=\"display:flex; gap:20px; margin-bottom:40px;\"><div class=\"ifl-thumbnail\" style=\"flex:1; width:100%;\"><a href=\"https:\/\/www.ifldigitalart.it\/new\/alla-biennale-di-chianciano-2024-con-silenzio-riflessivo-tacchi-e-forme-nascoste\/\"><img loading=\"lazy\" decoding=\"async\" width=\"240\" height=\"300\" src=\"https:\/\/www.ifldigitalart.it\/new\/wp-content\/uploads\/2025\/04\/CHIANCIANO-2024-240x300.jpg\" class=\"attachment-medium size-medium wp-post-image\" alt=\"\" style=\"width:100%; height:auto; border-radius:8px;\" srcset=\"https:\/\/www.ifldigitalart.it\/new\/wp-content\/uploads\/2025\/04\/CHIANCIANO-2024-240x300.jpg 240w, https:\/\/www.ifldigitalart.it\/new\/wp-content\/uploads\/2025\/04\/CHIANCIANO-2024-819x1024.jpg 819w, https:\/\/www.ifldigitalart.it\/new\/wp-content\/uploads\/2025\/04\/CHIANCIANO-2024-768x960.jpg 768w, https:\/\/www.ifldigitalart.it\/new\/wp-content\/uploads\/2025\/04\/CHIANCIANO-2024.jpg 1080w\" sizes=\"auto, (max-width: 240px) 100vw, 240px\" \/><\/a><\/div><div class=\"ifl-text\" style=\"flex:2;\"><h2 style=\"margin-top:0;\"><a href=\"https:\/\/www.ifldigitalart.it\/new\/alla-biennale-di-chianciano-2024-con-silenzio-riflessivo-tacchi-e-forme-nascoste\/\" style=\"text-decoration: none; color: inherit;\">Alla Biennale di Chianciano 2024 con \u201cSilenzio Riflessivo: Tacchi e Forme Nascoste\u201d<\/a><\/h2><p>Dal&nbsp;3 al 31 agosto 2024&nbsp;ho preso parte alla&nbsp;Biennale di Chianciano, una delle manifestazioni internazionali pi\u00f9 riconosciute nel panorama dell\u2019arte contemporanea, che ha trasformato il centro storico di&nbsp;Chianciano Terme (SI)&nbsp;in un laboratorio diffuso di creativit\u00e0 e visione. Organizzata dalla&nbsp;Chianciano Art Museum Foundation, la Biennale ha riunito artisti provenienti da tutto il mondo in un contesto espositivo articolato e prestigioso, offrendo uno spazio di dialogo tra poetiche diverse, unite dalla volont\u00e0 di interrogare il presente attraverso il linguaggio dell\u2019arte. L\u2019opera in mostra:&nbsp;Silenzio...<\/p><a href=\"https:\/\/www.ifldigitalart.it\/new\/alla-biennale-di-chianciano-2024-con-silenzio-riflessivo-tacchi-e-forme-nascoste\/\" style=\"font-weight:bold; text-decoration:underline;\">Leggi tutto<\/a><\/div><\/div><\/div>\n                      <br>\n                    <\/p>\n                  <\/div>\n                <\/div>\n              <\/div>\n            <\/div>\n          <\/div>\n        <\/div>\n      <\/div>\n    <\/div>\n  <\/div>\n<\/div>","protected":false},"excerpt":{"rendered":"Mostre, Nuove Opere e Progetti le ultime novit\u00e0 dal mondo di IFL Digital [&hellip;]","protected":false},"author":1,"featured_media":0,"parent":0,"menu_order":0,"comment_status":"closed","ping_status":"closed","template":"page-templates\/full-width-page.php","meta":{"_acf_changed":false,"footnotes":""},"categories":[],"class_list":["post-899","page","type-page","status-publish","hentry"],"acf":[],"_links":{"self":[{"href":"https:\/\/www.ifldigitalart.it\/new\/wp-json\/wp\/v2\/pages\/899","targetHints":{"allow":["GET"]}}],"collection":[{"href":"https:\/\/www.ifldigitalart.it\/new\/wp-json\/wp\/v2\/pages"}],"about":[{"href":"https:\/\/www.ifldigitalart.it\/new\/wp-json\/wp\/v2\/types\/page"}],"author":[{"embeddable":true,"href":"https:\/\/www.ifldigitalart.it\/new\/wp-json\/wp\/v2\/users\/1"}],"replies":[{"embeddable":true,"href":"https:\/\/www.ifldigitalart.it\/new\/wp-json\/wp\/v2\/comments?post=899"}],"version-history":[{"count":19,"href":"https:\/\/www.ifldigitalart.it\/new\/wp-json\/wp\/v2\/pages\/899\/revisions"}],"predecessor-version":[{"id":1874,"href":"https:\/\/www.ifldigitalart.it\/new\/wp-json\/wp\/v2\/pages\/899\/revisions\/1874"}],"wp:attachment":[{"href":"https:\/\/www.ifldigitalart.it\/new\/wp-json\/wp\/v2\/media?parent=899"}],"wp:term":[{"taxonomy":"category","embeddable":true,"href":"https:\/\/www.ifldigitalart.it\/new\/wp-json\/wp\/v2\/categories?post=899"}],"curies":[{"name":"wp","href":"https:\/\/api.w.org\/{rel}","templated":true}]}}